{"id":1542,"date":"2026-03-03T11:54:41","date_gmt":"2026-03-03T11:54:41","guid":{"rendered":"https:\/\/jazzviolinist.com\/event\/atom-string-quartet-premiera-nowej-plyty\/"},"modified":"2026-04-30T06:44:06","modified_gmt":"2026-04-30T06:44:06","slug":"atom-string-quartet-premiera-nowej-plyty","status":"publish","type":"tribe_events","link":"https:\/\/jazzviolinist.com\/en\/event\/atom-string-quartet-premiera-nowej-plyty\/","title":{"rendered":"Atom String Quartet \u2013 polski funk"},"content":{"rendered":"<div class=\"l-article__lead\">\n<p>Atom String Quartet w\u00a0swoim najnowszym programie zabiera s\u0142uchaczy w\u00a0podr\u00f3\u017c do\u00a0wyj\u0105tkowej epoki polskiej muzyki lat 70. i\u00a080. (z\u00a0kr\u00f3tk\u0105 wycieczk\u0105 w\u00a0lata 90.). To\u00a0czas, w\u00a0kt\u00f3rym\u00a0jazz spotyka\u0142 si\u0119 z\u00a0funkiem, brzmieniem nowych, cz\u0119sto elektrycznych instrument\u00f3w i\u00a0niepowtarzaln\u0105 atmosfer\u0105 kraju zza \u017celaznej kurtyny.<\/p>\n<p>&nbsp;<\/p>\n<\/div>\n<div class=\"l-article__block\">\n<p>Zesp\u00f3\u0142 si\u0119ga po\u00a0utwory nie\u00a0tylko\u00a0takich ikon jak: Zbigniew Seifert, Krzesimir D\u0119bski, Zbigniew Namys\u0142owski, Micha\u0142 Urbaniak, W\u0142adys\u0142aw Sendecki, Andrzej Zaucha czy\u00a0Novi Singers, lecz\u00a0tak\u017ce po\u00a0kompozycje z\u00a0repertuaru Perfectu i\u00a0Kombi.<\/p>\n<p>Cho\u0107 nie\u00a0wszystkie te\u00a0utwory mieszcz\u0105 si\u0119 w\u00a0dos\u0142ownym rozumieniu funku, \u0142\u0105czy je\u00a0wsp\u00f3lny puls, energia, groove oraz\u00a0charakterystyczne brzmienie tamtych lat. To\u00a0\u015bwiat pe\u0142en \u017cywej, organicznej ekspresji, kt\u00f3r\u0105 Atom String Quartet przekuwa na\u00a0unikalny j\u0119zyk wsp\u00f3\u0142czesnego kwartetu smyczkowego.<\/p>\n<p>Atom String Quartet to\u00a0jeden z\u00a0najbardziej intryguj\u0105cych kwartet\u00f3w smyczkowych na\u00a0\u015bwiecie. Od\u00a0ponad 16 lat swojego istnienia znajduje si\u0119 w\u00a0gronie najlepszych wykonawc\u00f3w jazzowych w\u00a0Polsce. W\u00a0swojej tw\u00f3rczo\u015bci, opr\u00f3cz jazzu, \u0142\u0105czy inspiracje polskim folklorem, muzyk\u0105 z\u00a0r\u00f3\u017cnych region\u00f3w \u015bwiata, a\u00a0tak\u017ce muzyk\u0105 wsp\u00f3\u0142czesn\u0105 i\u00a0klasyczn\u0105.<\/p>\n<p>Jako zesp\u00f3\u0142 regularnie koncertuje w\u00a0Polsce i\u00a0na\u00a0\u015bwiecie. Wsp\u00f3\u0142pracuje z\u00a0czo\u0142\u00f3wk\u0105 polskich i\u00a0zagranicznych artyst\u00f3w oraz\u00a0orkiestr. S\u0105\u00a0to\u00a0m.in.\u00a0Branford Marsalis, Leszek Mo\u017cd\u017cer, Grzegorz Turnau, Jerzy Maksymiuk, Anna Maria Jopek, Natalia Kukulska, Adam Sztaba, Orkiestra Symfoniczna Filharmonii Szczeci\u0144skiej, Sinfonia Varsovia, Sinfonietta Cracovia.<\/p>\n<\/div>\n","protected":false},"excerpt":{"rendered":"<p>Atom String Quartet w\u00a0swoim najnowszym programie zabiera s\u0142uchaczy w\u00a0podr\u00f3\u017c do\u00a0wyj\u0105tkowej epoki polskiej muzyki lat 70. i\u00a080. (z\u00a0kr\u00f3tk\u0105 wycieczk\u0105 w\u00a0lata 90.). To\u00a0czas, w\u00a0kt\u00f3rym\u00a0jazz spotyka\u0142 si\u0119 z\u00a0funkiem, brzmieniem nowych, cz\u0119sto elektrycznych instrument\u00f3w [&hellip;]<\/p>\n","protected":false},"author":1,"featured_media":1447,"template":"","meta":{"_acf_changed":false,"_tribe_events_status":"","_tribe_events_status_reason":"","_tribe_events_is_hybrid":"","_tribe_events_is_virtual":"","_tribe_events_virtual_video_source":"","_tribe_events_virtual_embed_video":"","_tribe_events_virtual_linked_button_text":"","_tribe_events_virtual_linked_button":"","_tribe_events_virtual_show_embed_at":"","_tribe_events_virtual_show_embed_to":[],"_tribe_events_virtual_show_on_event":"","_tribe_events_virtual_show_on_views":"","_tribe_events_virtual_url":"","footnotes":""},"tags":[266,182,156,158,159,161,267],"tribe_events_cat":[268,164],"class_list":["post-1542","tribe_events","type-tribe_events","status-publish","has-post-thumbnail","hentry","tag-atom-goes-funky","tag-atom-string-quartet","tag-dawid-lubowicz","tag-krzysztof-lenczowski","tag-mateusz-smoczynski","tag-michal-zaborski","tag-teatr-stary-w-lublinie","tribe_events_cat-atom-goes-funky","tribe_events_cat-atom-string-quartet","cat_atom-goes-funky","cat_atom-string-quartet"],"acf":[],"_links":{"self":[{"href":"https:\/\/jazzviolinist.com\/en\/wp-json\/wp\/v2\/tribe_events\/1542","targetHints":{"allow":["GET"]}}],"collection":[{"href":"https:\/\/jazzviolinist.com\/en\/wp-json\/wp\/v2\/tribe_events"}],"about":[{"href":"https:\/\/jazzviolinist.com\/en\/wp-json\/wp\/v2\/types\/tribe_events"}],"author":[{"embeddable":true,"href":"https:\/\/jazzviolinist.com\/en\/wp-json\/wp\/v2\/users\/1"}],"version-history":[{"count":1,"href":"https:\/\/jazzviolinist.com\/en\/wp-json\/wp\/v2\/tribe_events\/1542\/revisions"}],"predecessor-version":[{"id":1548,"href":"https:\/\/jazzviolinist.com\/en\/wp-json\/wp\/v2\/tribe_events\/1542\/revisions\/1548"}],"wp:featuredmedia":[{"embeddable":true,"href":"https:\/\/jazzviolinist.com\/en\/wp-json\/wp\/v2\/media\/1447"}],"wp:attachment":[{"href":"https:\/\/jazzviolinist.com\/en\/wp-json\/wp\/v2\/media?parent=1542"}],"wp:term":[{"taxonomy":"post_tag","embeddable":true,"href":"https:\/\/jazzviolinist.com\/en\/wp-json\/wp\/v2\/tags?post=1542"},{"taxonomy":"tribe_events_cat","embeddable":true,"href":"https:\/\/jazzviolinist.com\/en\/wp-json\/wp\/v2\/tribe_events_cat?post=1542"}],"curies":[{"name":"wp","href":"https:\/\/api.w.org\/{rel}","templated":true}]}}